{"id":69,"date":"2022-05-03T16:28:14","date_gmt":"2022-05-03T20:28:14","guid":{"rendered":"http:\/\/demo.paceyemd.com.php73-37.phx1-1.websitetestlink.com\/macular-degeneration\/"},"modified":"2023-01-20T11:04:57","modified_gmt":"2023-01-20T16:04:57","slug":"macular-degeneration","status":"publish","type":"page","link":"https:\/\/www.advvisioncenters.com\/es\/retina\/macular-degeneration\/","title":{"rendered":"Degeneraci\u00f3n macular"},"content":{"rendered":"<p>La degeneraci\u00f3n macular afecta a m\u00e1s de 10 millones de personas en Estados Unidos y es la principal causa de p\u00e9rdida de visi\u00f3n. En Pacific Eye, con consultorios en San Luis Obispo, Lompoc, Paso Robles, Pismo Beach y Santa Maria, California, as\u00ed como en Optical Concepts en Santa Maria, nuestros oftalm\u00f3logos altamente capacitados ayudan a hombres y mujeres a preservar su vista frente a esta enfermedad degenerativa. Para obtener m\u00e1s informaci\u00f3n, ll\u00e1menos o programe una cita en l\u00ednea hoy mismo.<\/p>\n\n\n\n<h2 class=\"wp-block-heading\">\u00bfQu\u00e9 es la degeneraci\u00f3n macular?<\/h2>\n\n\n\n<p>La degeneraci\u00f3n macular es una enfermedad ocular degenerativa que afecta la visi\u00f3n central. La m\u00e1cula es la zona central de la retina, responsable de la agudeza visual, es decir, controla c\u00f3mo se perciben los detalles en el campo visual central.<\/p>\n\n\n\n<p class=\"has-text-align-center\"><strong>Existen dos tipos principales de degeneraci\u00f3n macular: seca y h\u00fameda.<\/strong><\/p>\n\n\n\n<div class=\"wp-block-columns box-columns is-layout-flex wp-container-core-columns-is-layout-9d6595d7 wp-block-columns-is-layout-flex\">\n<div class=\"wp-block-column is-layout-flow wp-block-column-is-layout-flow\">\n<h3 class=\"wp-block-heading\">Degeneraci\u00f3n macular seca<\/h3>\n\n\n\n<p>Esta es, con mucho, la forma m\u00e1s com\u00fan de enfermedad ocular y representa entre el 85 % y el 90 % de todos los casos. En esta forma de degeneraci\u00f3n macular, el tejido de la m\u00e1cula comienza a deteriorarse, creando drusas, dep\u00f3sitos amarillos debajo de la retina. <a href=\"https:\/\/www.advvisioncenters.com\/es\/retina\/\">retina<\/a> que interfieren con su visi\u00f3n.<\/p>\n<\/div>\n\n\n\n<div class=\"wp-block-column is-layout-flow wp-block-column-is-layout-flow\">\n<h3 class=\"wp-block-heading\">Degeneraci\u00f3n macular h\u00fameda<\/h3>\n\n\n\n<p>Esta forma menos com\u00fan de la enfermedad se caracteriza por un crecimiento anormal de vasos sangu\u00edneos que se filtran al ojo.<\/p>\n\n\n\n<p>Ambas formas de degeneraci\u00f3n macular son progresivas y pueden causar p\u00e9rdida de visi\u00f3n permanente.<\/p>\n<\/div>\n<\/div>\n\n\n<div class=\"wp-block-image\">\n<figure class=\"aligncenter size-full\"><img decoding=\"async\" width=\"500\" height=\"592\" src=\"https:\/\/www.advvisioncenters.com\/wp-content\/uploads\/macular-degeneration-chart.jpg\" alt=\"Chart Illustrating Macular Degeneration in an Eye\" class=\"wp-image-527\" srcset=\"https:\/\/www.advvisioncenters.com\/wp-content\/uploads\/macular-degeneration-chart.jpg 500w, https:\/\/www.advvisioncenters.com\/wp-content\/uploads\/macular-degeneration-chart-253x300.jpg 253w, https:\/\/www.advvisioncenters.com\/wp-content\/uploads\/macular-degeneration-chart-228x270.jpg 228w\" sizes=\"(max-width: 500px) 100vw, 500px\" \/><\/figure><\/div>\n\n\n<h2 class=\"wp-block-heading\">\u00bfQu\u00e9 causa la degeneraci\u00f3n macular?<\/h2>\n\n\n\n<p>La degeneraci\u00f3n macular suele denominarse degeneraci\u00f3n macular asociada a la edad (DMAE), lo que da una buena idea de cu\u00e1l es la causa principal de esta enfermedad. De hecho, la prevalencia de la DMAE en Estados Unidos es de 1 de cada 14 personas mayores de 40 a\u00f1os, 1 de cada 8 mayores de 60 a\u00f1os y 1 de cada 3 en personas de 75 a\u00f1os o m\u00e1s.<\/p>\n\n\n\n<p>Adem\u00e1s de la edad, la DMAE es m\u00e1s com\u00fan en personas blancas o mujeres. Tambi\u00e9n existen varios factores que pueden aumentar el riesgo de desarrollar esta enfermedad ocular, entre ellos:<\/p>\n\n\n\n<ul class=\"wp-block-list\">\n<li>Gen\u00e9tica<\/li>\n\n\n\n<li>Obesidad<\/li>\n\n\n\n<li>Presi\u00f3n arterial alta (hipertensi\u00f3n)<\/li>\n\n\n\n<li>De fumar<\/li>\n\n\n\n<li>colores de ojos m\u00e1s claros<\/li>\n<\/ul>\n\n\n\n<p>Los investigadores m\u00e9dicos a\u00fan intentan encontrar la causa exacta de la enfermedad, y se espera que las cifras de DMAE aumenten con el envejecimiento de la poblaci\u00f3n.<\/p>\n\n\n\n<h2 class=\"wp-block-heading\">\u00bfC\u00f3mo se trata la degeneraci\u00f3n macular?<\/h2>\n\n\n\n<p>Si empieza a notar manchas en su visi\u00f3n central, deber\u00eda acudir a uno de los oftalm\u00f3logos de Pacific Eye para que le revisen si hay signos de DMAE (Degeneraci\u00f3n Macular Asociada a la Edad).<\/p>\n\n\n\n<p>Existen medidas que pueden tomarse para ralentizar la progresi\u00f3n de la enfermedad si se confirma la degeneraci\u00f3n macular, sobre todo si se detecta en las primeras etapas. Por eso, los ex\u00e1menes oculares completos y regulares son tan importantes. Al realizar algunos cambios clave en el estilo de vida y complementar la dieta, se puede influir en la aparici\u00f3n y progresi\u00f3n de la DMAE.<\/p>\n\n\n\n<p>Si su enfermedad ha progresado y ha deteriorado gravemente su visi\u00f3n, su m\u00e9dico puede sugerirle implantarle una lente telesc\u00f3pica en el ojo que deber\u00eda mejorar su visi\u00f3n.<\/p>\n\n\n\n<p>La intervenci\u00f3n temprana es clave para combatir la degeneraci\u00f3n macular, as\u00ed que comience hoy mismo llamando a Pacific Eye o programando una cita en l\u00ednea.<\/p>","protected":false},"excerpt":{"rendered":"<p>La degeneraci\u00f3n macular afecta a m\u00e1s de 10 millones de personas en Estados Unidos y es la principal causa de p\u00e9rdida de visi\u00f3n. En Pacific Eye, con consultorios en San Luis Obispo, Lompoc, Paso Robles, Pismo Beach y Santa Maria, California, as\u00ed como en Optical Concepts en Santa Maria, los oftalm\u00f3logos altamente capacitados pueden ayudar a los hombres [\u2026]<\/p>","protected":false},"author":1,"featured_media":0,"parent":71,"menu_order":2,"comment_status":"closed","ping_status":"closed","template":"","meta":{"_acf_changed":false,"_kad_blocks_custom_css":"","_kad_blocks_head_custom_js":"","_kad_blocks_body_custom_js":"","_kad_blocks_footer_custom_js":"","footnotes":""},"tags":[],"class_list":["post-69","page","type-page","status-publish","hentry"],"acf":[],"yoast_head":"<!-- This site is optimized with the Yoast SEO plugin v26.2 - https:\/\/yoast.com\/wordpress\/plugins\/seo\/ -->\n<title>Macular Degeneration San Luis Obispo | Pacific Eye Surgeons<\/title>\n<meta name=\"description\" content=\"Macular degeneration is an age-related eye condition. Learn about diagnosis and treatment in California\u2019s Central Coast region.\" \/>\n<meta name=\"robots\" content=\"index, follow, max-snippet:-1, max-image-preview:large, max-video-preview:-1\" \/>\n<link rel=\"canonical\" href=\"https:\/\/www.advvisioncenters.com\/es\/retina\/macular-degeneration\/\" \/>\n<meta property=\"og:locale\" content=\"es_MX\" \/>\n<meta property=\"og:type\" content=\"article\" \/>\n<meta property=\"og:title\" content=\"Macular Degeneration San Luis Obispo | Pacific Eye Surgeons\" \/>\n<meta property=\"og:description\" content=\"Macular degeneration is an age-related eye condition. Learn about diagnosis and treatment in California\u2019s Central Coast region.\" \/>\n<meta property=\"og:url\" content=\"https:\/\/www.advvisioncenters.com\/es\/retina\/macular-degeneration\/\" \/>\n<meta property=\"og:site_name\" content=\"ADV Vision\" \/>\n<meta property=\"article:modified_time\" content=\"2023-01-20T16:04:57+00:00\" \/>\n<meta property=\"og:image\" content=\"https:\/\/www.advvisioncenters.com\/wp-content\/uploads\/macular-degeneration-chart.jpg\" \/>\n\t<meta property=\"og:image:width\" content=\"500\" \/>\n\t<meta property=\"og:image:height\" content=\"592\" \/>\n\t<meta property=\"og:image:type\" content=\"image\/jpeg\" \/>\n<meta name=\"twitter:card\" content=\"summary_large_image\" \/>\n<meta name=\"twitter:label1\" content=\"Tiempo de lectura\" \/>\n\t<meta name=\"twitter:data1\" content=\"3 minutos\" \/>\n<script type=\"application\/ld+json\" class=\"yoast-schema-graph\">{\"@context\":\"https:\/\/schema.org\",\"@graph\":[{\"@type\":\"WebPage\",\"@id\":\"https:\/\/www.advvisioncenters.com\/retina\/macular-degeneration\/\",\"url\":\"https:\/\/www.advvisioncenters.com\/retina\/macular-degeneration\/\",\"name\":\"Macular Degeneration San Luis Obispo | Pacific Eye Surgeons\",\"isPartOf\":{\"@id\":\"https:\/\/www.advvisioncenters.com\/#website\"},\"primaryImageOfPage\":{\"@id\":\"https:\/\/www.advvisioncenters.com\/retina\/macular-degeneration\/#primaryimage\"},\"image\":{\"@id\":\"https:\/\/www.advvisioncenters.com\/retina\/macular-degeneration\/#primaryimage\"},\"thumbnailUrl\":\"https:\/\/www.advvisioncenters.com\/wp-content\/uploads\/macular-degeneration-chart.jpg\",\"datePublished\":\"2022-05-03T20:28:14+00:00\",\"dateModified\":\"2023-01-20T16:04:57+00:00\",\"description\":\"Macular degeneration is an age-related eye condition. Learn about diagnosis and treatment in California\u2019s Central Coast region.\",\"breadcrumb\":{\"@id\":\"https:\/\/www.advvisioncenters.com\/retina\/macular-degeneration\/#breadcrumb\"},\"inLanguage\":\"es\",\"potentialAction\":[{\"@type\":\"ReadAction\",\"target\":[\"https:\/\/www.advvisioncenters.com\/retina\/macular-degeneration\/\"]}]},{\"@type\":\"ImageObject\",\"inLanguage\":\"es\",\"@id\":\"https:\/\/www.advvisioncenters.com\/retina\/macular-degeneration\/#primaryimage\",\"url\":\"https:\/\/www.advvisioncenters.com\/wp-content\/uploads\/macular-degeneration-chart.jpg\",\"contentUrl\":\"https:\/\/www.advvisioncenters.com\/wp-content\/uploads\/macular-degeneration-chart.jpg\"},{\"@type\":\"BreadcrumbList\",\"@id\":\"https:\/\/www.advvisioncenters.com\/retina\/macular-degeneration\/#breadcrumb\",\"itemListElement\":[{\"@type\":\"ListItem\",\"position\":1,\"name\":\"Home\",\"item\":\"https:\/\/www.advvisioncenters.com\/\"},{\"@type\":\"ListItem\",\"position\":2,\"name\":\"Retina\",\"item\":\"https:\/\/www.advvisioncenters.com\/?page_id=71\"},{\"@type\":\"ListItem\",\"position\":3,\"name\":\"Macular Degeneration\"}]},{\"@type\":\"WebSite\",\"@id\":\"https:\/\/www.advvisioncenters.com\/#website\",\"url\":\"https:\/\/www.advvisioncenters.com\/\",\"name\":\"ADV Vision\",\"description\":\"\",\"publisher\":{\"@id\":\"https:\/\/www.advvisioncenters.com\/#organization\"},\"potentialAction\":[{\"@type\":\"SearchAction\",\"target\":{\"@type\":\"EntryPoint\",\"urlTemplate\":\"https:\/\/www.advvisioncenters.com\/?s={search_term_string}\"},\"query-input\":{\"@type\":\"PropertyValueSpecification\",\"valueRequired\":true,\"valueName\":\"search_term_string\"}}],\"inLanguage\":\"es\"},{\"@type\":\"Organization\",\"@id\":\"https:\/\/www.advvisioncenters.com\/#organization\",\"name\":\"ADV Vision\",\"url\":\"https:\/\/www.advvisioncenters.com\/\",\"logo\":{\"@type\":\"ImageObject\",\"inLanguage\":\"es\",\"@id\":\"https:\/\/www.advvisioncenters.com\/#\/schema\/logo\/image\/\",\"url\":\"https:\/\/www.advvisioncenters.com\/wp-content\/uploads\/adv-vision-logo.png\",\"contentUrl\":\"https:\/\/www.advvisioncenters.com\/wp-content\/uploads\/adv-vision-logo.png\",\"width\":470,\"height\":120,\"caption\":\"ADV Vision\"},\"image\":{\"@id\":\"https:\/\/www.advvisioncenters.com\/#\/schema\/logo\/image\/\"}}]}<\/script>\n<!-- \/ Yoast SEO plugin. -->","yoast_head_json":{"title":"Degeneraci\u00f3n macular en San Luis Obispo | Cirujanos oftalmol\u00f3gicos del Pac\u00edfico","description":"La degeneraci\u00f3n macular es una afecci\u00f3n ocular relacionada con la edad. Inf\u00f3rmese sobre el diagn\u00f3stico y el tratamiento en la regi\u00f3n de la Costa Central de California.","robots":{"index":"index","follow":"follow","max-snippet":"max-snippet:-1","max-image-preview":"max-image-preview:large","max-video-preview":"max-video-preview:-1"},"canonical":"https:\/\/www.advvisioncenters.com\/es\/retina\/macular-degeneration\/","og_locale":"es_MX","og_type":"article","og_title":"Macular Degeneration San Luis Obispo | Pacific Eye Surgeons","og_description":"Macular degeneration is an age-related eye condition. Learn about diagnosis and treatment in California\u2019s Central Coast region.","og_url":"https:\/\/www.advvisioncenters.com\/es\/retina\/macular-degeneration\/","og_site_name":"ADV Vision","article_modified_time":"2023-01-20T16:04:57+00:00","og_image":[{"width":500,"height":592,"url":"https:\/\/www.advvisioncenters.com\/wp-content\/uploads\/macular-degeneration-chart.jpg","type":"image\/jpeg"}],"twitter_card":"summary_large_image","twitter_misc":{"Tiempo de lectura":"3 minutos"},"schema":{"@context":"https:\/\/schema.org","@graph":[{"@type":"WebPage","@id":"https:\/\/www.advvisioncenters.com\/retina\/macular-degeneration\/","url":"https:\/\/www.advvisioncenters.com\/retina\/macular-degeneration\/","name":"Degeneraci\u00f3n macular en San Luis Obispo | Cirujanos oftalmol\u00f3gicos del Pac\u00edfico","isPartOf":{"@id":"https:\/\/www.advvisioncenters.com\/#website"},"primaryImageOfPage":{"@id":"https:\/\/www.advvisioncenters.com\/retina\/macular-degeneration\/#primaryimage"},"image":{"@id":"https:\/\/www.advvisioncenters.com\/retina\/macular-degeneration\/#primaryimage"},"thumbnailUrl":"https:\/\/www.advvisioncenters.com\/wp-content\/uploads\/macular-degeneration-chart.jpg","datePublished":"2022-05-03T20:28:14+00:00","dateModified":"2023-01-20T16:04:57+00:00","description":"La degeneraci\u00f3n macular es una afecci\u00f3n ocular relacionada con la edad. Inf\u00f3rmese sobre el diagn\u00f3stico y el tratamiento en la regi\u00f3n de la Costa Central de California.","breadcrumb":{"@id":"https:\/\/www.advvisioncenters.com\/retina\/macular-degeneration\/#breadcrumb"},"inLanguage":"es","potentialAction":[{"@type":"ReadAction","target":["https:\/\/www.advvisioncenters.com\/retina\/macular-degeneration\/"]}]},{"@type":"ImageObject","inLanguage":"es","@id":"https:\/\/www.advvisioncenters.com\/retina\/macular-degeneration\/#primaryimage","url":"https:\/\/www.advvisioncenters.com\/wp-content\/uploads\/macular-degeneration-chart.jpg","contentUrl":"https:\/\/www.advvisioncenters.com\/wp-content\/uploads\/macular-degeneration-chart.jpg"},{"@type":"BreadcrumbList","@id":"https:\/\/www.advvisioncenters.com\/retina\/macular-degeneration\/#breadcrumb","itemListElement":[{"@type":"ListItem","position":1,"name":"Home","item":"https:\/\/www.advvisioncenters.com\/"},{"@type":"ListItem","position":2,"name":"Retina","item":"https:\/\/www.advvisioncenters.com\/?page_id=71"},{"@type":"ListItem","position":3,"name":"Macular Degeneration"}]},{"@type":"WebSite","@id":"https:\/\/www.advvisioncenters.com\/#website","url":"https:\/\/www.advvisioncenters.com\/","name":"ADV Vision","description":"","publisher":{"@id":"https:\/\/www.advvisioncenters.com\/#organization"},"potentialAction":[{"@type":"SearchAction","target":{"@type":"EntryPoint","urlTemplate":"https:\/\/www.advvisioncenters.com\/?s={search_term_string}"},"query-input":{"@type":"PropertyValueSpecification","valueRequired":true,"valueName":"search_term_string"}}],"inLanguage":"es"},{"@type":"Organization","@id":"https:\/\/www.advvisioncenters.com\/#organization","name":"ADV Vision","url":"https:\/\/www.advvisioncenters.com\/","logo":{"@type":"ImageObject","inLanguage":"es","@id":"https:\/\/www.advvisioncenters.com\/#\/schema\/logo\/image\/","url":"https:\/\/www.advvisioncenters.com\/wp-content\/uploads\/adv-vision-logo.png","contentUrl":"https:\/\/www.advvisioncenters.com\/wp-content\/uploads\/adv-vision-logo.png","width":470,"height":120,"caption":"ADV Vision"},"image":{"@id":"https:\/\/www.advvisioncenters.com\/#\/schema\/logo\/image\/"}}]}},"taxonomy_info":[],"featured_image_src_large":false,"author_info":{"display_name":"onur","author_link":"https:\/\/www.advvisioncenters.com\/es\/blog\/author\/onur\/"},"comment_info":0,"_links":{"self":[{"href":"https:\/\/www.advvisioncenters.com\/es\/wp-json\/wp\/v2\/pages\/69","targetHints":{"allow":["GET"]}}],"collection":[{"href":"https:\/\/www.advvisioncenters.com\/es\/wp-json\/wp\/v2\/pages"}],"about":[{"href":"https:\/\/www.advvisioncenters.com\/es\/wp-json\/wp\/v2\/types\/page"}],"author":[{"embeddable":true,"href":"https:\/\/www.advvisioncenters.com\/es\/wp-json\/wp\/v2\/users\/1"}],"replies":[{"embeddable":true,"href":"https:\/\/www.advvisioncenters.com\/es\/wp-json\/wp\/v2\/comments?post=69"}],"version-history":[{"count":9,"href":"https:\/\/www.advvisioncenters.com\/es\/wp-json\/wp\/v2\/pages\/69\/revisions"}],"predecessor-version":[{"id":3031,"href":"https:\/\/www.advvisioncenters.com\/es\/wp-json\/wp\/v2\/pages\/69\/revisions\/3031"}],"up":[{"embeddable":true,"href":"https:\/\/www.advvisioncenters.com\/es\/wp-json\/wp\/v2\/pages\/71"}],"wp:attachment":[{"href":"https:\/\/www.advvisioncenters.com\/es\/wp-json\/wp\/v2\/media?parent=69"}],"wp:term":[{"taxonomy":"post_tag","embeddable":true,"href":"https:\/\/www.advvisioncenters.com\/es\/wp-json\/wp\/v2\/tags?post=69"}],"curies":[{"name":"wp","href":"https:\/\/api.w.org\/{rel}","templated":true}]}}