{"id":231,"date":"2022-05-04T11:34:17","date_gmt":"2022-05-04T15:34:17","guid":{"rendered":"http:\/\/demo.paceyemd.com.php73-37.phx1-1.websitetestlink.com\/?page_id=231"},"modified":"2025-07-11T18:17:26","modified_gmt":"2025-07-11T22:17:26","slug":"adv-vision-news","status":"publish","type":"page","link":"https:\/\/www.advvisioncenters.com\/es\/about\/adv-vision-news\/","title":{"rendered":"Noticias"},"content":{"rendered":"\n<h2 class=\"wp-block-heading has-text-align-center\"><strong>At ADV Vision, we\u2019re committed to helping patients make&nbsp;confident, informed decisions&nbsp;about their vision care.<\/strong><\/h2>\n\n\n\n<p class=\"wp-block-paragraph\">Our physicians are recognized leaders in ophthalmology and vision correction\u2014so we believe in sharing not just the latest advancements in eye care, but also updates about our practice and technology. Whether it\u2019s a breakthrough in LASIK, a new lens implant option, or a better way to manage glaucoma, we want our patients to stay in the know.<\/p>\n\n\n\n<p class=\"wp-block-paragraph\">If you have questions about any of the articles we share\u2014or about vision correction in general\u2014<strong>we\u2019re here to help<\/strong>. Reach out to our team at any time.<\/p>\n\n\n\n<h2 class=\"wp-block-heading\">Media and News Features<\/h2>\n\n\n<style>.kb-posts-id-231_7fcb81-03 .kb-post-list-item{display:grid;}<\/style><ul class=\"wp-block-kadence-posts kb-posts kadence-posts-list kb-posts-id-231_7fcb81-03 content-wrap grid-cols kb-posts-style-boxed grid-sm-col-2 grid-lg-col-3 item-image-style-above\"><li class=\"kb-post-list-item\">\n\t<article class=\"entry content-bg loop-entry post-5671 post type-post status-publish format-standard has-post-thumbnail hentry category-advanced-lenses category-cataracts category-general-eye-care category-news-media category-the-light-adjustable-lens tag-adv-vision tag-cataract-awareness tag-night-driving tag-paso-robles-eye-care tag-san-luis-obispo-vision tag-santa-maria-cataracts\">\n\t\t\t\t<a aria-hidden=\"true\" tabindex=\"-1\" role=\"presentation\" class=\"post-thumbnail kadence-thumbnail-ratio-2-3\" href=\"https:\/\/www.advvisioncenters.com\/es\/blog\/night-driving-cataract-awareness-paso-robles\/\" aria-label=\"How Shorter Days After Daylight Savings Make Cataract Awareness Crucial for Night Driving\">\n\t\t\t<div class=\"post-thumbnail-inner\">\n\t\t\t\t<img decoding=\"async\" src=\"https:\/\/www.advvisioncenters.com\/wp-content\/uploads\/ADV-How-Shorter-Days-After-Daylight-Savings-Make-Cataract-Awareness-Crucial-for-Night-Driving-768x432.png\" class=\"attachment-medium_large size-medium_large wp-post-image\" alt=\"How Shorter Days After Daylight Savings Make Cataract Awareness Crucial for Night Driving\" srcset=\"https:\/\/www.advvisioncenters.com\/wp-content\/uploads\/ADV-How-Shorter-Days-After-Daylight-Savings-Make-Cataract-Awareness-Crucial-for-Night-Driving-768x432.png 768w, https:\/\/www.advvisioncenters.com\/wp-content\/uploads\/ADV-How-Shorter-Days-After-Daylight-Savings-Make-Cataract-Awareness-Crucial-for-Night-Driving-300x169.png 300w, https:\/\/www.advvisioncenters.com\/wp-content\/uploads\/ADV-How-Shorter-Days-After-Daylight-Savings-Make-Cataract-Awareness-Crucial-for-Night-Driving-1024x576.png 1024w, https:\/\/www.advvisioncenters.com\/wp-content\/uploads\/ADV-How-Shorter-Days-After-Daylight-Savings-Make-Cataract-Awareness-Crucial-for-Night-Driving-18x10.png 18w, https:\/\/www.advvisioncenters.com\/wp-content\/uploads\/ADV-How-Shorter-Days-After-Daylight-Savings-Make-Cataract-Awareness-Crucial-for-Night-Driving-270x152.png 270w, https:\/\/www.advvisioncenters.com\/wp-content\/uploads\/ADV-How-Shorter-Days-After-Daylight-Savings-Make-Cataract-Awareness-Crucial-for-Night-Driving-750x422.png 750w, https:\/\/www.advvisioncenters.com\/wp-content\/uploads\/ADV-How-Shorter-Days-After-Daylight-Savings-Make-Cataract-Awareness-Crucial-for-Night-Driving.png 1280w\" sizes=\"(max-width: 768px) 100vw, 768px\" \/>\t\t\t<\/div>\n\t\t<\/a><!-- .post-thumbnail -->\n\t\t\t\t<div class=\"entry-content-wrap\">\n\t\t\t<header class=\"entry-header\">\n\t\t<div class=\"entry-taxonomies\">\n\t\t<span class=\"category-links term-links category-style-pill\">\n\t\t\t<a href=\"https:\/\/www.advvisioncenters.com\/es\/blog\/category\/news-media\/cataracts\/advanced-lenses\/\" rel=\"category tag\">Advanced Lenses<\/a> <a href=\"https:\/\/www.advvisioncenters.com\/es\/blog\/category\/news-media\/cataracts\/\" rel=\"category tag\">Cataracts<\/a> <a href=\"https:\/\/www.advvisioncenters.com\/es\/blog\/category\/news-media\/general-eye-care\/\" rel=\"category tag\">General Eye Care<\/a> <a href=\"https:\/\/www.advvisioncenters.com\/es\/blog\/category\/news-media\/\" rel=\"category tag\">News &amp; Media<\/a> <a href=\"https:\/\/www.advvisioncenters.com\/es\/blog\/category\/news-media\/cataracts\/the-light-adjustable-lens\/\" rel=\"category tag\">The Light Adjustable Lens<\/a>\t\t<\/span>\n\t<\/div><!-- .entry-taxonomies -->\n\t<h3 class=\"entry-title\"><a href=\"https:\/\/www.advvisioncenters.com\/es\/blog\/night-driving-cataract-awareness-paso-robles\/\" rel=\"bookmark\">How Shorter Days After Daylight Savings Make Cataract Awareness Crucial for Night Driving<\/a><\/h3>\t<div class=\"entry-meta entry-meta-divider-dot\">\n\t\t<\/div><!-- .entry-meta -->\n\t<\/header><!-- .entry-header -->\n\t<div class=\"entry-summary\">\n\t\t<p>Have you ever found yourself squinting against bright headlights during your evening drive? Or noticed how quickly darkness falls after the clocks \u201cfall back\u201d? Shorter days after Daylight Savings Time can make driving at night more challenging\u2014especially if cataracts are affecting your vision. In this blog, we\u2019ll break down why night driving becomes riskier after [&hellip;]<\/p>\n\t<\/div><!-- .entry-summary -->\n\t<footer class=\"entry-footer\">\n\t\t\t<div class=\"entry-actions\">\n\t\t\t<p class=\"more-link-wrap\">\n\t\t\t\t<a href=\"https:\/\/www.advvisioncenters.com\/es\/blog\/night-driving-cataract-awareness-paso-robles\/\" class=\"post-more-link\">\n\t\t\t\t\tRead More<span class=\"screen-reader-text\"> How Shorter Days After Daylight Savings Make Cataract Awareness Crucial for Night Driving<\/span><span class=\"kadence-svg-iconset svg-baseline\"><svg aria-hidden=\"true\" class=\"kadence-svg-icon kadence-arrow-right-alt-svg\" fill=\"currentColor\" version=\"1.1\" xmlns=\"http:\/\/www.w3.org\/2000\/svg\" width=\"27\" height=\"28\" viewBox=\"0 0 27 28\"><title>Continue<\/title><path d=\"M27 13.953c0 0.141-0.063 0.281-0.156 0.375l-6 5.531c-0.156 0.141-0.359 0.172-0.547 0.094-0.172-0.078-0.297-0.25-0.297-0.453v-3.5h-19.5c-0.281 0-0.5-0.219-0.5-0.5v-3c0-0.281 0.219-0.5 0.5-0.5h19.5v-3.5c0-0.203 0.109-0.375 0.297-0.453s0.391-0.047 0.547 0.078l6 5.469c0.094 0.094 0.156 0.219 0.156 0.359v0z\"><\/path>\n\t\t\t<\/svg><\/span>\t\t\t\t<\/a>\n\t\t\t<\/p>\n\t\t<\/div><!-- .entry-actions -->\n\t\t<\/footer><!-- .entry-footer -->\t\t<\/div>\n\t<\/article>\n<\/li>\n<li class=\"kb-post-list-item\">\n\t<article class=\"entry content-bg loop-entry post-5631 post type-post status-publish format-standard has-post-thumbnail hentry category-news-media tag-adv-vision tag-eye-surgery tag-fsa tag-hsa tag-lasik tag-lasik-financing tag-paso-robles tag-san-luis-obispo tag-santa-maria tag-vision-correction\">\n\t\t\t\t<a aria-hidden=\"true\" tabindex=\"-1\" role=\"presentation\" class=\"post-thumbnail kadence-thumbnail-ratio-2-3\" href=\"https:\/\/www.advvisioncenters.com\/es\/blog\/fsa-hsa-eye-surgery-adv-vision\/\" aria-label=\"Your Guide to Using FSA and HSA Benefits for Vision Correction at ADV Vision\">\n\t\t\t<div class=\"post-thumbnail-inner\">\n\t\t\t\t<img decoding=\"async\" src=\"https:\/\/www.advvisioncenters.com\/wp-content\/uploads\/ADV-Your-Guide-to-Using-FSA-and-HSA-Benefits-for-Vision-Correction-at-ADV-Vision--768x432.png\" class=\"attachment-medium_large size-medium_large wp-post-image\" alt=\"Your Guide to Using FSA and HSA Benefits for Vision Correction at ADV Vision\" srcset=\"https:\/\/www.advvisioncenters.com\/wp-content\/uploads\/ADV-Your-Guide-to-Using-FSA-and-HSA-Benefits-for-Vision-Correction-at-ADV-Vision--768x432.png 768w, https:\/\/www.advvisioncenters.com\/wp-content\/uploads\/ADV-Your-Guide-to-Using-FSA-and-HSA-Benefits-for-Vision-Correction-at-ADV-Vision--300x169.png 300w, https:\/\/www.advvisioncenters.com\/wp-content\/uploads\/ADV-Your-Guide-to-Using-FSA-and-HSA-Benefits-for-Vision-Correction-at-ADV-Vision--1024x576.png 1024w, https:\/\/www.advvisioncenters.com\/wp-content\/uploads\/ADV-Your-Guide-to-Using-FSA-and-HSA-Benefits-for-Vision-Correction-at-ADV-Vision--270x152.png 270w, https:\/\/www.advvisioncenters.com\/wp-content\/uploads\/ADV-Your-Guide-to-Using-FSA-and-HSA-Benefits-for-Vision-Correction-at-ADV-Vision--750x422.png 750w, https:\/\/www.advvisioncenters.com\/wp-content\/uploads\/ADV-Your-Guide-to-Using-FSA-and-HSA-Benefits-for-Vision-Correction-at-ADV-Vision-.png 1280w\" sizes=\"(max-width: 768px) 100vw, 768px\" \/>\t\t\t<\/div>\n\t\t<\/a><!-- .post-thumbnail -->\n\t\t\t\t<div class=\"entry-content-wrap\">\n\t\t\t<header class=\"entry-header\">\n\t\t<div class=\"entry-taxonomies\">\n\t\t<span class=\"category-links term-links category-style-pill\">\n\t\t\t<a href=\"https:\/\/www.advvisioncenters.com\/es\/blog\/category\/news-media\/\" rel=\"category tag\">News &amp; Media<\/a>\t\t<\/span>\n\t<\/div><!-- .entry-taxonomies -->\n\t<h3 class=\"entry-title\"><a href=\"https:\/\/www.advvisioncenters.com\/es\/blog\/fsa-hsa-eye-surgery-adv-vision\/\" rel=\"bookmark\">Your Guide to Using FSA and HSA Benefits for Vision Correction at ADV Vision<\/a><\/h3>\t<div class=\"entry-meta entry-meta-divider-dot\">\n\t\t<\/div><!-- .entry-meta -->\n\t<\/header><!-- .entry-header -->\n\t<div class=\"entry-summary\">\n\t\t<p>Have you been thinking about LASIK or cataract surgery but wondering how to make it more affordable? If you have a Flexible Spending Account (FSA) or Health Savings Account (HSA), you may already have a simple, tax-free way to pay for clearer vision. At ADV Vision, with locations in Paso Robles, Santa Maria, and San [&hellip;]<\/p>\n\t<\/div><!-- .entry-summary -->\n\t<footer class=\"entry-footer\">\n\t\t\t<div class=\"entry-actions\">\n\t\t\t<p class=\"more-link-wrap\">\n\t\t\t\t<a href=\"https:\/\/www.advvisioncenters.com\/es\/blog\/fsa-hsa-eye-surgery-adv-vision\/\" class=\"post-more-link\">\n\t\t\t\t\tRead More<span class=\"screen-reader-text\"> Your Guide to Using FSA and HSA Benefits for Vision Correction at ADV Vision<\/span><span class=\"kadence-svg-iconset svg-baseline\"><svg aria-hidden=\"true\" class=\"kadence-svg-icon kadence-arrow-right-alt-svg\" fill=\"currentColor\" version=\"1.1\" xmlns=\"http:\/\/www.w3.org\/2000\/svg\" width=\"27\" height=\"28\" viewBox=\"0 0 27 28\"><title>Continue<\/title><path d=\"M27 13.953c0 0.141-0.063 0.281-0.156 0.375l-6 5.531c-0.156 0.141-0.359 0.172-0.547 0.094-0.172-0.078-0.297-0.25-0.297-0.453v-3.5h-19.5c-0.281 0-0.5-0.219-0.5-0.5v-3c0-0.281 0.219-0.5 0.5-0.5h19.5v-3.5c0-0.203 0.109-0.375 0.297-0.453s0.391-0.047 0.547 0.078l6 5.469c0.094 0.094 0.156 0.219 0.156 0.359v0z\"><\/path>\n\t\t\t<\/svg><\/span>\t\t\t\t<\/a>\n\t\t\t<\/p>\n\t\t<\/div><!-- .entry-actions -->\n\t\t<\/footer><!-- .entry-footer -->\t\t<\/div>\n\t<\/article>\n<\/li>\n<li class=\"kb-post-list-item\">\n\t<article class=\"entry content-bg loop-entry post-5610 post type-post status-publish format-standard has-post-thumbnail hentry category-news-media\">\n\t\t\t\t<a aria-hidden=\"true\" tabindex=\"-1\" role=\"presentation\" class=\"post-thumbnail kadence-thumbnail-ratio-2-3\" href=\"https:\/\/www.advvisioncenters.com\/es\/blog\/avoid-a-gap-in-your-medicare-coverage-for-2026\/\" aria-label=\"Avoid a Gap in Your Medicare Coverage for 2026\">\n\t\t\t<div class=\"post-thumbnail-inner\">\n\t\t\t\t<img decoding=\"async\" src=\"https:\/\/www.advvisioncenters.com\/wp-content\/uploads\/UVP-Medicare-Announcement-Universal-UVP-768x419.png\" class=\"attachment-medium_large size-medium_large wp-post-image\" alt=\"Avoid a Gap in Your Medicare Coverage for 2026\" srcset=\"https:\/\/www.advvisioncenters.com\/wp-content\/uploads\/UVP-Medicare-Announcement-Universal-UVP-768x419.png 768w, https:\/\/www.advvisioncenters.com\/wp-content\/uploads\/UVP-Medicare-Announcement-Universal-UVP-300x164.png 300w, https:\/\/www.advvisioncenters.com\/wp-content\/uploads\/UVP-Medicare-Announcement-Universal-UVP-1024x559.png 1024w, https:\/\/www.advvisioncenters.com\/wp-content\/uploads\/UVP-Medicare-Announcement-Universal-UVP-1536x838.png 1536w, https:\/\/www.advvisioncenters.com\/wp-content\/uploads\/UVP-Medicare-Announcement-Universal-UVP-270x147.png 270w, https:\/\/www.advvisioncenters.com\/wp-content\/uploads\/UVP-Medicare-Announcement-Universal-UVP-750x409.png 750w, https:\/\/www.advvisioncenters.com\/wp-content\/uploads\/UVP-Medicare-Announcement-Universal-UVP.png 1980w\" sizes=\"(max-width: 768px) 100vw, 768px\" \/>\t\t\t<\/div>\n\t\t<\/a><!-- .post-thumbnail -->\n\t\t\t\t<div class=\"entry-content-wrap\">\n\t\t\t<header class=\"entry-header\">\n\t\t<div class=\"entry-taxonomies\">\n\t\t<span class=\"category-links term-links category-style-pill\">\n\t\t\t<a href=\"https:\/\/www.advvisioncenters.com\/es\/blog\/category\/news-media\/\" rel=\"category tag\">News &amp; Media<\/a>\t\t<\/span>\n\t<\/div><!-- .entry-taxonomies -->\n\t<h3 class=\"entry-title\"><a href=\"https:\/\/www.advvisioncenters.com\/es\/blog\/avoid-a-gap-in-your-medicare-coverage-for-2026\/\" rel=\"bookmark\">Avoid a Gap in Your Medicare Coverage for 2026<\/a><\/h3>\t<div class=\"entry-meta entry-meta-divider-dot\">\n\t\t<\/div><!-- .entry-meta -->\n\t<\/header><!-- .entry-header -->\n\t<div class=\"entry-summary\">\n\t\t<p>Medicare Advantage plans will be discontinued in select markets for 2026. Recent updates from insurance carriers indicate that certain Medicare Advantage plans will be discontinued in select markets for 2026. This is a nationwide Medicare Advantage change that may affect how your overall health coverage is administered next year \u2014 not just your eye care [&hellip;]<\/p>\n\t<\/div><!-- .entry-summary -->\n\t<footer class=\"entry-footer\">\n\t\t\t<div class=\"entry-actions\">\n\t\t\t<p class=\"more-link-wrap\">\n\t\t\t\t<a href=\"https:\/\/www.advvisioncenters.com\/es\/blog\/avoid-a-gap-in-your-medicare-coverage-for-2026\/\" class=\"post-more-link\">\n\t\t\t\t\tRead More<span class=\"screen-reader-text\"> Avoid a Gap in Your Medicare Coverage for 2026<\/span><span class=\"kadence-svg-iconset svg-baseline\"><svg aria-hidden=\"true\" class=\"kadence-svg-icon kadence-arrow-right-alt-svg\" fill=\"currentColor\" version=\"1.1\" xmlns=\"http:\/\/www.w3.org\/2000\/svg\" width=\"27\" height=\"28\" viewBox=\"0 0 27 28\"><title>Continue<\/title><path d=\"M27 13.953c0 0.141-0.063 0.281-0.156 0.375l-6 5.531c-0.156 0.141-0.359 0.172-0.547 0.094-0.172-0.078-0.297-0.25-0.297-0.453v-3.5h-19.5c-0.281 0-0.5-0.219-0.5-0.5v-3c0-0.281 0.219-0.5 0.5-0.5h19.5v-3.5c0-0.203 0.109-0.375 0.297-0.453s0.391-0.047 0.547 0.078l6 5.469c0.094 0.094 0.156 0.219 0.156 0.359v0z\"><\/path>\n\t\t\t<\/svg><\/span>\t\t\t\t<\/a>\n\t\t\t<\/p>\n\t\t<\/div><!-- .entry-actions -->\n\t\t<\/footer><!-- .entry-footer -->\t\t<\/div>\n\t<\/article>\n<\/li>\n<li class=\"kb-post-list-item\">\n\t<article class=\"entry content-bg loop-entry post-5366 post type-post status-publish format-standard hentry category-news-media\">\n\t\t\t\t<div class=\"entry-content-wrap\">\n\t\t\t<header class=\"entry-header\">\n\t\t<div class=\"entry-taxonomies\">\n\t\t<span class=\"category-links term-links category-style-pill\">\n\t\t\t<a href=\"https:\/\/www.advvisioncenters.com\/es\/blog\/category\/news-media\/\" rel=\"category tag\">News &amp; Media<\/a>\t\t<\/span>\n\t<\/div><!-- .entry-taxonomies -->\n\t<h3 class=\"entry-title\"><a href=\"https:\/\/www.advvisioncenters.com\/es\/blog\/covid-19-update\/\" rel=\"bookmark\">COVID-19 Update<\/a><\/h3>\t<div class=\"entry-meta entry-meta-divider-dot\">\n\t\t<\/div><!-- .entry-meta -->\n\t<\/header><!-- .entry-header -->\n\t<div class=\"entry-summary\">\n\t\t<p>Dear Patient, The COVID-19 pandemic and California\u2019s Shelter-in-Place order means that non-essential outings must be avoided to limit spread of infection.&nbsp; As you are probably aware, patients over 65, or those with underlying medical problems, such as heart or lung problems and diabetes, are more susceptible to serious complications of this virus.&nbsp; While social distancing [&hellip;]<\/p>\n\t<\/div><!-- .entry-summary -->\n\t<footer class=\"entry-footer\">\n\t\t\t<div class=\"entry-actions\">\n\t\t\t<p class=\"more-link-wrap\">\n\t\t\t\t<a href=\"https:\/\/www.advvisioncenters.com\/es\/blog\/covid-19-update\/\" class=\"post-more-link\">\n\t\t\t\t\tRead More<span class=\"screen-reader-text\"> COVID-19 Update<\/span><span class=\"kadence-svg-iconset svg-baseline\"><svg aria-hidden=\"true\" class=\"kadence-svg-icon kadence-arrow-right-alt-svg\" fill=\"currentColor\" version=\"1.1\" xmlns=\"http:\/\/www.w3.org\/2000\/svg\" width=\"27\" height=\"28\" viewBox=\"0 0 27 28\"><title>Continue<\/title><path d=\"M27 13.953c0 0.141-0.063 0.281-0.156 0.375l-6 5.531c-0.156 0.141-0.359 0.172-0.547 0.094-0.172-0.078-0.297-0.25-0.297-0.453v-3.5h-19.5c-0.281 0-0.5-0.219-0.5-0.5v-3c0-0.281 0.219-0.5 0.5-0.5h19.5v-3.5c0-0.203 0.109-0.375 0.297-0.453s0.391-0.047 0.547 0.078l6 5.469c0.094 0.094 0.156 0.219 0.156 0.359v0z\"><\/path>\n\t\t\t<\/svg><\/span>\t\t\t\t<\/a>\n\t\t\t<\/p>\n\t\t<\/div><!-- .entry-actions -->\n\t\t<\/footer><!-- .entry-footer -->\t\t<\/div>\n\t<\/article>\n<\/li>\n<li class=\"kb-post-list-item\">\n\t<article class=\"entry content-bg loop-entry post-5269 post type-post status-publish format-standard has-post-thumbnail hentry category-news-media tag-eye-examination tag-glaucoma tag-glaucoma-prevention tag-glaucoma-treatment tag-healthy-diet tag-laser-procedures tag-ocular-implants tag-vision-test\">\n\t\t\t\t<a aria-hidden=\"true\" tabindex=\"-1\" role=\"presentation\" class=\"post-thumbnail kadence-thumbnail-ratio-2-3\" href=\"https:\/\/www.advvisioncenters.com\/es\/blog\/5-steps-you-can-take-to-prevent-glaucoma\/\" aria-label=\"5 Steps You Can Take to Prevent Glaucoma\">\n\t\t\t<div class=\"post-thumbnail-inner\">\n\t\t\t\t<img decoding=\"async\" src=\"https:\/\/www.advvisioncenters.com\/wp-content\/uploads\/glaucoma_prevention-768x513.jpg\" class=\"attachment-medium_large size-medium_large wp-post-image\" alt=\"5 Steps You Can Take to Prevent Glaucoma\" srcset=\"https:\/\/www.advvisioncenters.com\/wp-content\/uploads\/glaucoma_prevention-768x513.jpg 768w, https:\/\/www.advvisioncenters.com\/wp-content\/uploads\/glaucoma_prevention-300x200.jpg 300w, https:\/\/www.advvisioncenters.com\/wp-content\/uploads\/glaucoma_prevention-270x180.jpg 270w, https:\/\/www.advvisioncenters.com\/wp-content\/uploads\/glaucoma_prevention-750x501.jpg 750w, https:\/\/www.advvisioncenters.com\/wp-content\/uploads\/glaucoma_prevention.jpg 1000w\" sizes=\"(max-width: 768px) 100vw, 768px\" \/>\t\t\t<\/div>\n\t\t<\/a><!-- .post-thumbnail -->\n\t\t\t\t<div class=\"entry-content-wrap\">\n\t\t\t<header class=\"entry-header\">\n\t\t<div class=\"entry-taxonomies\">\n\t\t<span class=\"category-links term-links category-style-pill\">\n\t\t\t<a href=\"https:\/\/www.advvisioncenters.com\/es\/blog\/category\/news-media\/\" rel=\"category tag\">News &amp; Media<\/a>\t\t<\/span>\n\t<\/div><!-- .entry-taxonomies -->\n\t<h3 class=\"entry-title\"><a href=\"https:\/\/www.advvisioncenters.com\/es\/blog\/5-steps-you-can-take-to-prevent-glaucoma\/\" rel=\"bookmark\">5 Steps You Can Take to Prevent Glaucoma<\/a><\/h3>\t<div class=\"entry-meta entry-meta-divider-dot\">\n\t\t<\/div><!-- .entry-meta -->\n\t<\/header><!-- .entry-header -->\n\t<div class=\"entry-summary\">\n\t\t<p>Glaucoma is a condition that causes damage to the eye\u2019s optic nerve which carries visual information from our eyes to the brain. It can lead to severe vision loss and if left untreated, total blindness. In fact, glaucoma is a leading cause of blindness throughout the United States. One of the greatest obstacles glaucoma prevention [&hellip;]<\/p>\n\t<\/div><!-- .entry-summary -->\n\t<footer class=\"entry-footer\">\n\t\t\t<div class=\"entry-actions\">\n\t\t\t<p class=\"more-link-wrap\">\n\t\t\t\t<a href=\"https:\/\/www.advvisioncenters.com\/es\/blog\/5-steps-you-can-take-to-prevent-glaucoma\/\" class=\"post-more-link\">\n\t\t\t\t\tRead More<span class=\"screen-reader-text\"> 5 Steps You Can Take to Prevent Glaucoma<\/span><span class=\"kadence-svg-iconset svg-baseline\"><svg aria-hidden=\"true\" class=\"kadence-svg-icon kadence-arrow-right-alt-svg\" fill=\"currentColor\" version=\"1.1\" xmlns=\"http:\/\/www.w3.org\/2000\/svg\" width=\"27\" height=\"28\" viewBox=\"0 0 27 28\"><title>Continue<\/title><path d=\"M27 13.953c0 0.141-0.063 0.281-0.156 0.375l-6 5.531c-0.156 0.141-0.359 0.172-0.547 0.094-0.172-0.078-0.297-0.25-0.297-0.453v-3.5h-19.5c-0.281 0-0.5-0.219-0.5-0.5v-3c0-0.281 0.219-0.5 0.5-0.5h19.5v-3.5c0-0.203 0.109-0.375 0.297-0.453s0.391-0.047 0.547 0.078l6 5.469c0.094 0.094 0.156 0.219 0.156 0.359v0z\"><\/path>\n\t\t\t<\/svg><\/span>\t\t\t\t<\/a>\n\t\t\t<\/p>\n\t\t<\/div><!-- .entry-actions -->\n\t\t<\/footer><!-- .entry-footer -->\t\t<\/div>\n\t<\/article>\n<\/li>\n<li class=\"kb-post-list-item\">\n\t<article class=\"entry content-bg loop-entry post-5368 post type-post status-publish format-standard has-post-thumbnail hentry category-news-media\">\n\t\t\t\t<a aria-hidden=\"true\" tabindex=\"-1\" role=\"presentation\" class=\"post-thumbnail kadence-thumbnail-ratio-2-3\" href=\"https:\/\/www.advvisioncenters.com\/es\/blog\/adv-vision-explains-how-to-protect-your-eyes-during-a-solar-eclipse-and-why-taking-these-precautions-is-essential-for-protecting-your-vision\/\" aria-label=\"How to Keep Your Eyes Safe During The Great American Solar Eclipse\">\n\t\t\t<div class=\"post-thumbnail-inner\">\n\t\t\t\t<img decoding=\"async\" src=\"https:\/\/www.advvisioncenters.com\/wp-content\/uploads\/great-american-solar-eclipse.jpg\" class=\"attachment-medium_large size-medium_large wp-post-image\" alt=\"Great American Solar Eclipse\" srcset=\"https:\/\/www.advvisioncenters.com\/wp-content\/uploads\/great-american-solar-eclipse.jpg 700w, https:\/\/www.advvisioncenters.com\/wp-content\/uploads\/great-american-solar-eclipse-300x200.jpg 300w, https:\/\/www.advvisioncenters.com\/wp-content\/uploads\/great-american-solar-eclipse-270x180.jpg 270w\" sizes=\"(max-width: 700px) 100vw, 700px\" \/>\t\t\t<\/div>\n\t\t<\/a><!-- .post-thumbnail -->\n\t\t\t\t<div class=\"entry-content-wrap\">\n\t\t\t<header class=\"entry-header\">\n\t\t<div class=\"entry-taxonomies\">\n\t\t<span class=\"category-links term-links category-style-pill\">\n\t\t\t<a href=\"https:\/\/www.advvisioncenters.com\/es\/blog\/category\/news-media\/\" rel=\"category tag\">News &amp; Media<\/a>\t\t<\/span>\n\t<\/div><!-- .entry-taxonomies -->\n\t<h3 class=\"entry-title\"><a href=\"https:\/\/www.advvisioncenters.com\/es\/blog\/adv-vision-explains-how-to-protect-your-eyes-during-a-solar-eclipse-and-why-taking-these-precautions-is-essential-for-protecting-your-vision\/\" rel=\"bookmark\">How to Keep Your Eyes Safe During The Great American Solar Eclipse<\/a><\/h3>\t<div class=\"entry-meta entry-meta-divider-dot\">\n\t\t<\/div><!-- .entry-meta -->\n\t<\/header><!-- .entry-header -->\n\t<div class=\"entry-summary\">\n\t\t<p>The next total solar eclipse, also known as \u2018The Great American Solar Eclipse\u2019, will happen Monday, August 21st. This total solar eclipse will be the first in nearly 100 years to be viewable from coast to coast. Whether you\u2019re lucky enough be one of the sky gazers along the path of totality or will be [&hellip;]<\/p>\n\t<\/div><!-- .entry-summary -->\n\t<footer class=\"entry-footer\">\n\t\t\t<div class=\"entry-actions\">\n\t\t\t<p class=\"more-link-wrap\">\n\t\t\t\t<a href=\"https:\/\/www.advvisioncenters.com\/es\/blog\/adv-vision-explains-how-to-protect-your-eyes-during-a-solar-eclipse-and-why-taking-these-precautions-is-essential-for-protecting-your-vision\/\" class=\"post-more-link\">\n\t\t\t\t\tRead More<span class=\"screen-reader-text\"> How to Keep Your Eyes Safe During The Great American Solar Eclipse<\/span><span class=\"kadence-svg-iconset svg-baseline\"><svg aria-hidden=\"true\" class=\"kadence-svg-icon kadence-arrow-right-alt-svg\" fill=\"currentColor\" version=\"1.1\" xmlns=\"http:\/\/www.w3.org\/2000\/svg\" width=\"27\" height=\"28\" viewBox=\"0 0 27 28\"><title>Continue<\/title><path d=\"M27 13.953c0 0.141-0.063 0.281-0.156 0.375l-6 5.531c-0.156 0.141-0.359 0.172-0.547 0.094-0.172-0.078-0.297-0.25-0.297-0.453v-3.5h-19.5c-0.281 0-0.5-0.219-0.5-0.5v-3c0-0.281 0.219-0.5 0.5-0.5h19.5v-3.5c0-0.203 0.109-0.375 0.297-0.453s0.391-0.047 0.547 0.078l6 5.469c0.094 0.094 0.156 0.219 0.156 0.359v0z\"><\/path>\n\t\t\t<\/svg><\/span>\t\t\t\t<\/a>\n\t\t\t<\/p>\n\t\t<\/div><!-- .entry-actions -->\n\t\t<\/footer><!-- .entry-footer -->\t\t<\/div>\n\t<\/article>\n<\/li>\n<\/ul>","protected":false},"excerpt":{"rendered":"<p>At ADV Vision, we\u2019re committed to helping patients make&nbsp;confident, informed decisions&nbsp;about their vision care. Our physicians are recognized leaders in ophthalmology and vision correction\u2014so we believe in sharing not just the latest advancements in eye care, but also updates about our practice and technology. Whether it\u2019s a breakthrough in LASIK, a new lens implant option, [&hellip;]<\/p>\n","protected":false},"author":1,"featured_media":0,"parent":34,"menu_order":0,"comment_status":"closed","ping_status":"closed","template":"","meta":{"_acf_changed":false,"_kad_blocks_custom_css":"","_kad_blocks_head_custom_js":"","_kad_blocks_body_custom_js":"","_kad_blocks_footer_custom_js":"","footnotes":""},"tags":[],"class_list":["post-231","page","type-page","status-publish","hentry"],"acf":[],"yoast_head":"<!-- This site is optimized with the Yoast SEO plugin v28.3 - https:\/\/yoast.com\/product\/yoast-seo-wordpress\/ -->\n<title>Vision News &amp; Updates | ADV Vision Central Coast Experts<\/title>\n<meta name=\"description\" content=\"Stay informed with ADV Vision&#039;s latest updates on LASIK, cataracts, and eye care innovations. Trusted vision correction across California\u2019s Central Coast.\" \/>\n<meta name=\"robots\" content=\"index, follow, max-snippet:-1, max-image-preview:large, max-video-preview:-1\" \/>\n<link rel=\"canonical\" href=\"https:\/\/www.advvisioncenters.com\/es\/about\/adv-vision-news\/\" \/>\n<meta property=\"og:locale\" content=\"es_MX\" \/>\n<meta property=\"og:type\" content=\"article\" \/>\n<meta property=\"og:title\" content=\"Vision News &amp; Updates | ADV Vision Central Coast Experts\" \/>\n<meta property=\"og:description\" content=\"Stay informed with ADV Vision&#039;s latest updates on LASIK, cataracts, and eye care innovations. Trusted vision correction across California\u2019s Central Coast.\" \/>\n<meta property=\"og:url\" content=\"https:\/\/www.advvisioncenters.com\/es\/about\/adv-vision-news\/\" \/>\n<meta property=\"og:site_name\" content=\"ADV Vision\" \/>\n<meta property=\"article:modified_time\" content=\"2025-07-11T22:17:26+00:00\" \/>\n<meta property=\"og:image\" content=\"https:\/\/www.advvisioncenters.com\/wp-content\/uploads\/adv-vision-logo.png\" \/>\n\t<meta property=\"og:image:width\" content=\"470\" \/>\n\t<meta property=\"og:image:height\" content=\"120\" \/>\n\t<meta property=\"og:image:type\" content=\"image\/png\" \/>\n<meta name=\"twitter:card\" content=\"summary_large_image\" \/>\n<meta name=\"twitter:label1\" content=\"Tiempo de lectura\" \/>\n\t<meta name=\"twitter:data1\" content=\"1 minuto\" \/>\n<script type=\"application\/ld+json\" class=\"yoast-schema-graph\">{\"@context\":\"https:\\\/\\\/schema.org\",\"@graph\":[{\"@type\":\"WebPage\",\"@id\":\"https:\\\/\\\/www.advvisioncenters.com\\\/about\\\/adv-vision-news\\\/\",\"url\":\"https:\\\/\\\/www.advvisioncenters.com\\\/about\\\/adv-vision-news\\\/\",\"name\":\"Vision News & Updates | ADV Vision Central Coast Experts\",\"isPartOf\":{\"@id\":\"https:\\\/\\\/www.advvisioncenters.com\\\/#website\"},\"datePublished\":\"2022-05-04T15:34:17+00:00\",\"dateModified\":\"2025-07-11T22:17:26+00:00\",\"description\":\"Stay informed with ADV Vision's latest updates on LASIK, cataracts, and eye care innovations. Trusted vision correction across California\u2019s Central Coast.\",\"breadcrumb\":{\"@id\":\"https:\\\/\\\/www.advvisioncenters.com\\\/about\\\/adv-vision-news\\\/#breadcrumb\"},\"inLanguage\":\"es\",\"potentialAction\":[{\"@type\":\"ReadAction\",\"target\":[\"https:\\\/\\\/www.advvisioncenters.com\\\/about\\\/adv-vision-news\\\/\"]}]},{\"@type\":\"BreadcrumbList\",\"@id\":\"https:\\\/\\\/www.advvisioncenters.com\\\/about\\\/adv-vision-news\\\/#breadcrumb\",\"itemListElement\":[{\"@type\":\"ListItem\",\"position\":1,\"name\":\"Home\",\"item\":\"https:\\\/\\\/www.advvisioncenters.com\\\/\"},{\"@type\":\"ListItem\",\"position\":2,\"name\":\"About\",\"item\":\"https:\\\/\\\/www.advvisioncenters.com\\\/about\\\/\"},{\"@type\":\"ListItem\",\"position\":3,\"name\":\"News\"}]},{\"@type\":\"WebSite\",\"@id\":\"https:\\\/\\\/www.advvisioncenters.com\\\/#website\",\"url\":\"https:\\\/\\\/www.advvisioncenters.com\\\/\",\"name\":\"ADV Vision\",\"description\":\"\",\"publisher\":{\"@id\":\"https:\\\/\\\/www.advvisioncenters.com\\\/#organization\"},\"potentialAction\":[{\"@type\":\"SearchAction\",\"target\":{\"@type\":\"EntryPoint\",\"urlTemplate\":\"https:\\\/\\\/www.advvisioncenters.com\\\/?s={search_term_string}\"},\"query-input\":{\"@type\":\"PropertyValueSpecification\",\"valueRequired\":true,\"valueName\":\"search_term_string\"}}],\"inLanguage\":\"es\"},{\"@type\":\"Organization\",\"@id\":\"https:\\\/\\\/www.advvisioncenters.com\\\/#organization\",\"name\":\"ADV Vision\",\"url\":\"https:\\\/\\\/www.advvisioncenters.com\\\/\",\"logo\":{\"@type\":\"ImageObject\",\"inLanguage\":\"es\",\"@id\":\"https:\\\/\\\/www.advvisioncenters.com\\\/#\\\/schema\\\/logo\\\/image\\\/\",\"url\":\"https:\\\/\\\/www.advvisioncenters.com\\\/wp-content\\\/uploads\\\/adv-vision-logo.png\",\"contentUrl\":\"https:\\\/\\\/www.advvisioncenters.com\\\/wp-content\\\/uploads\\\/adv-vision-logo.png\",\"width\":470,\"height\":120,\"caption\":\"ADV Vision\"},\"image\":{\"@id\":\"https:\\\/\\\/www.advvisioncenters.com\\\/#\\\/schema\\\/logo\\\/image\\\/\"}}]}<\/script>\n<!-- \/ Yoast SEO plugin. -->","yoast_head_json":{"title":"Noticias y novedades sobre visi\u00f3n | Expertos de ADV Vision en la Costa Central","description":"Mant\u00e9ngase al d\u00eda con las \u00faltimas novedades de ADV Vision sobre LASIK, cataratas e innovaciones en el cuidado de la vista. Correcci\u00f3n de la visi\u00f3n de confianza en toda la costa central de California.","robots":{"index":"index","follow":"follow","max-snippet":"max-snippet:-1","max-image-preview":"max-image-preview:large","max-video-preview":"max-video-preview:-1"},"canonical":"https:\/\/www.advvisioncenters.com\/es\/about\/adv-vision-news\/","og_locale":"es_MX","og_type":"article","og_title":"Vision News & Updates | ADV Vision Central Coast Experts","og_description":"Stay informed with ADV Vision's latest updates on LASIK, cataracts, and eye care innovations. Trusted vision correction across California\u2019s Central Coast.","og_url":"https:\/\/www.advvisioncenters.com\/es\/about\/adv-vision-news\/","og_site_name":"ADV Vision","article_modified_time":"2025-07-11T22:17:26+00:00","og_image":[{"width":470,"height":120,"url":"https:\/\/www.advvisioncenters.com\/wp-content\/uploads\/adv-vision-logo.png","type":"image\/png"}],"twitter_card":"summary_large_image","twitter_misc":{"Tiempo de lectura":"1 minuto"},"schema":{"@context":"https:\/\/schema.org","@graph":[{"@type":"WebPage","@id":"https:\/\/www.advvisioncenters.com\/about\/adv-vision-news\/","url":"https:\/\/www.advvisioncenters.com\/about\/adv-vision-news\/","name":"Noticias y novedades sobre visi\u00f3n | Expertos de ADV Vision en la Costa Central","isPartOf":{"@id":"https:\/\/www.advvisioncenters.com\/#website"},"datePublished":"2022-05-04T15:34:17+00:00","dateModified":"2025-07-11T22:17:26+00:00","description":"Mant\u00e9ngase al d\u00eda con las \u00faltimas novedades de ADV Vision sobre LASIK, cataratas e innovaciones en el cuidado de la vista. Correcci\u00f3n de la visi\u00f3n de confianza en toda la costa central de California.","breadcrumb":{"@id":"https:\/\/www.advvisioncenters.com\/about\/adv-vision-news\/#breadcrumb"},"inLanguage":"es","potentialAction":[{"@type":"ReadAction","target":["https:\/\/www.advvisioncenters.com\/about\/adv-vision-news\/"]}]},{"@type":"BreadcrumbList","@id":"https:\/\/www.advvisioncenters.com\/about\/adv-vision-news\/#breadcrumb","itemListElement":[{"@type":"ListItem","position":1,"name":"Home","item":"https:\/\/www.advvisioncenters.com\/"},{"@type":"ListItem","position":2,"name":"About","item":"https:\/\/www.advvisioncenters.com\/about\/"},{"@type":"ListItem","position":3,"name":"News"}]},{"@type":"WebSite","@id":"https:\/\/www.advvisioncenters.com\/#website","url":"https:\/\/www.advvisioncenters.com\/","name":"ADV Vision","description":"","publisher":{"@id":"https:\/\/www.advvisioncenters.com\/#organization"},"potentialAction":[{"@type":"SearchAction","target":{"@type":"EntryPoint","urlTemplate":"https:\/\/www.advvisioncenters.com\/?s={search_term_string}"},"query-input":{"@type":"PropertyValueSpecification","valueRequired":true,"valueName":"search_term_string"}}],"inLanguage":"es"},{"@type":"Organization","@id":"https:\/\/www.advvisioncenters.com\/#organization","name":"ADV Vision","url":"https:\/\/www.advvisioncenters.com\/","logo":{"@type":"ImageObject","inLanguage":"es","@id":"https:\/\/www.advvisioncenters.com\/#\/schema\/logo\/image\/","url":"https:\/\/www.advvisioncenters.com\/wp-content\/uploads\/adv-vision-logo.png","contentUrl":"https:\/\/www.advvisioncenters.com\/wp-content\/uploads\/adv-vision-logo.png","width":470,"height":120,"caption":"ADV Vision"},"image":{"@id":"https:\/\/www.advvisioncenters.com\/#\/schema\/logo\/image\/"}}]}},"taxonomy_info":[],"featured_image_src_large":false,"author_info":{"display_name":"onur","author_link":"https:\/\/www.advvisioncenters.com\/es\/blog\/author\/onur\/"},"comment_info":0,"_links":{"self":[{"href":"https:\/\/www.advvisioncenters.com\/es\/wp-json\/wp\/v2\/pages\/231","targetHints":{"allow":["GET"]}}],"collection":[{"href":"https:\/\/www.advvisioncenters.com\/es\/wp-json\/wp\/v2\/pages"}],"about":[{"href":"https:\/\/www.advvisioncenters.com\/es\/wp-json\/wp\/v2\/types\/page"}],"author":[{"embeddable":true,"href":"https:\/\/www.advvisioncenters.com\/es\/wp-json\/wp\/v2\/users\/1"}],"replies":[{"embeddable":true,"href":"https:\/\/www.advvisioncenters.com\/es\/wp-json\/wp\/v2\/comments?post=231"}],"version-history":[{"count":9,"href":"https:\/\/www.advvisioncenters.com\/es\/wp-json\/wp\/v2\/pages\/231\/revisions"}],"predecessor-version":[{"id":4965,"href":"https:\/\/www.advvisioncenters.com\/es\/wp-json\/wp\/v2\/pages\/231\/revisions\/4965"}],"up":[{"embeddable":true,"href":"https:\/\/www.advvisioncenters.com\/es\/wp-json\/wp\/v2\/pages\/34"}],"wp:attachment":[{"href":"https:\/\/www.advvisioncenters.com\/es\/wp-json\/wp\/v2\/media?parent=231"}],"wp:term":[{"taxonomy":"post_tag","embeddable":true,"href":"https:\/\/www.advvisioncenters.com\/es\/wp-json\/wp\/v2\/tags?post=231"}],"curies":[{"name":"wp","href":"https:\/\/api.w.org\/{rel}","templated":true}]}}